{"id":2082,"date":"2023-07-28T22:04:58","date_gmt":"2023-07-28T20:04:58","guid":{"rendered":"https:\/\/gamba.fr\/?post_type=reference-projet&#038;p=2082"},"modified":"2024-04-15T11:29:51","modified_gmt":"2024-04-15T09:29:51","slug":"retour-sur-laccompagnement-de-renault-retail-group","status":"publish","type":"reference-projet","link":"https:\/\/gamba.fr\/en\/reference-projet\/retour-sur-laccompagnement-de-renault-retail-group\/","title":{"rendered":"REFERENCE &#8211; Retour sur l&rsquo;accompagnement de Renault Retail Group"},"content":{"rendered":"\t\t<div data-elementor-type=\"wp-post\" data-elementor-id=\"2082\" class=\"elementor elementor-2082\" data-elementor-post-type=\"reference-projet\">\n\t\t\t\t<div class=\"elementor-element elementor-element-30bb0dd4 e-flex e-con-boxed e-con e-parent\" data-id=\"30bb0dd4\" data-element_type=\"container\" data-e-type=\"container\">\n\t\t\t\t\t<div class=\"e-con-inner\">\n\t\t<div class=\"elementor-element elementor-element-5e21af33 e-con-full e-flex e-con e-child\" data-id=\"5e21af33\" data-element_type=\"container\" data-e-type=\"container\">\n\t\t\t\t<div class=\"elementor-element elementor-element-a8a6723 elementor-widget elementor-widget-spacer\" data-id=\"a8a6723\" data-element_type=\"widget\" data-e-type=\"widget\" data-widget_type=\"spacer.default\">\n\t\t\t\t<div class=\"elementor-widget-container\">\n\t\t\t\t\t\t\t<div class=\"elementor-spacer\">\n\t\t\t<div class=\"elementor-spacer-inner\"><\/div>\n\t\t<\/div>\n\t\t\t\t\t\t<\/div>\n\t\t\t\t<\/div>\n\t\t\t\t<div class=\"elementor-element elementor-element-3857124 elementor-widget elementor-widget-heading\" data-id=\"3857124\" data-element_type=\"widget\" data-e-type=\"widget\" data-widget_type=\"heading.default\">\n\t\t\t\t<div class=\"elementor-widget-container\">\n\t\t\t\t\t<h1 class=\"elementor-heading-title elementor-size-default\">[T\u00c9MOIGNAGE] Retour sur l'accompagnement de Renault Retail Group<\/h1>\t\t\t\t<\/div>\n\t\t\t\t<\/div>\n\t\t\t\t<div class=\"elementor-element elementor-element-7f4b39e1 elementor-widget elementor-widget-text-editor\" data-id=\"7f4b39e1\" data-element_type=\"widget\" data-e-type=\"widget\" data-widget_type=\"text-editor.default\">\n\t\t\t\t<div class=\"elementor-widget-container\">\n\t\t\t\t\t\t\t\t\t<h6>Mme Sylvie Breuil, responsable environnement de Renault Retail Group, nous parle bruit dans l&rsquo;environnement et accompagnement par le bureau d&rsquo;\u00e9tudes acoustiques.<\/h6>\t\t\t\t\t\t\t\t<\/div>\n\t\t\t\t<\/div>\n\t\t\t\t<div class=\"elementor-element elementor-element-382d4dc7 elementor-widget elementor-widget-image\" data-id=\"382d4dc7\" data-element_type=\"widget\" data-e-type=\"widget\" data-widget_type=\"image.default\">\n\t\t\t\t<div class=\"elementor-widget-container\">\n\t\t\t\t\t\t\t\t\t\t\t\t\t\t\t<img fetchpriority=\"high\" decoding=\"async\" width=\"800\" height=\"181\" src=\"https:\/\/gamba.fr\/wp-content\/uploads\/2023\/07\/automobile-image-renault.jpg\" class=\"attachment-large size-large wp-image-7830\" alt=\"automobile-image-usine\" srcset=\"https:\/\/gamba.fr\/wp-content\/uploads\/2023\/07\/automobile-image-renault.jpg 900w, https:\/\/gamba.fr\/wp-content\/uploads\/2023\/07\/automobile-image-renault-300x68.jpg 300w, https:\/\/gamba.fr\/wp-content\/uploads\/2023\/07\/automobile-image-renault-768x174.jpg 768w, https:\/\/gamba.fr\/wp-content\/uploads\/2023\/07\/automobile-image-renault-18x4.jpg 18w\" sizes=\"(max-width: 800px) 100vw, 800px\" \/>\t\t\t\t\t\t\t\t\t\t\t\t\t\t\t<\/div>\n\t\t\t\t<\/div>\n\t\t\t\t<div class=\"elementor-element elementor-element-c4bf15c elementor-widget elementor-widget-heading\" data-id=\"c4bf15c\" data-element_type=\"widget\" data-e-type=\"widget\" data-widget_type=\"heading.default\">\n\t\t\t\t<div class=\"elementor-widget-container\">\n\t\t\t\t\t<h5 class=\"elementor-heading-title elementor-size-default\">Mme Breuil, comment d\u00e9cririez-vous les activit\u00e9s de Renault Retail Group ?<\/h5>\t\t\t\t<\/div>\n\t\t\t\t<\/div>\n\t\t\t\t<div class=\"elementor-element elementor-element-df70cba elementor-widget elementor-widget-spacer\" data-id=\"df70cba\" data-element_type=\"widget\" data-e-type=\"widget\" data-widget_type=\"spacer.default\">\n\t\t\t\t<div class=\"elementor-widget-container\">\n\t\t\t\t\t\t\t<div class=\"elementor-spacer\">\n\t\t\t<div class=\"elementor-spacer-inner\"><\/div>\n\t\t<\/div>\n\t\t\t\t\t\t<\/div>\n\t\t\t\t<\/div>\n\t\t\t\t<div class=\"elementor-element elementor-element-5dec3458 elementor-widget elementor-widget-text-editor\" data-id=\"5dec3458\" data-element_type=\"widget\" data-e-type=\"widget\" data-widget_type=\"text-editor.default\">\n\t\t\t\t<div class=\"elementor-widget-container\">\n\t\t\t\t\t\t\t\t\t<p>\u00ab\u00a0Nos concessions automobiles sont situ\u00e9es en zones strat\u00e9giques et urbaines potentiellement sensibles au regard de la pr\u00e9sence de riverains. Nos activit\u00e9s ou nos installations peuvent donc \u00eatre une source de nuisances sonores pour le voisinage (ventilations, extracteurs d\u2019air, climatiseurs, portique de lavage, s\u00e9chage, d\u00e9chargement des camions de livraison, \u2026) et nous nous attachons \u00e0 consid\u00e9rer ces potentiels impacts avec grand soin. L\u2019am\u00e9lioration de l\u2019environnement sonore est \u00e9galement l\u2019une des priorit\u00e9s de notre Politique Pr\u00e9vention, Sant\u00e9, S\u00e9curit\u00e9 et Environnement de Travail au sein de RRG.\u00a0\u00bb<\/p>\t\t\t\t\t\t\t\t<\/div>\n\t\t\t\t<\/div>\n\t\t\t\t<div class=\"elementor-element elementor-element-1f666024 elementor-widget elementor-widget-heading\" data-id=\"1f666024\" data-element_type=\"widget\" data-e-type=\"widget\" data-widget_type=\"heading.default\">\n\t\t\t\t<div class=\"elementor-widget-container\">\n\t\t\t\t\t<h5 class=\"elementor-heading-title elementor-size-default\">\u00c0 quelles occasions faites-vous appel \u00e0 la comp\u00e9tence acoustique ?<\/h5>\t\t\t\t<\/div>\n\t\t\t\t<\/div>\n\t\t\t\t<div class=\"elementor-element elementor-element-c858840 elementor-widget elementor-widget-spacer\" data-id=\"c858840\" data-element_type=\"widget\" data-e-type=\"widget\" data-widget_type=\"spacer.default\">\n\t\t\t\t<div class=\"elementor-widget-container\">\n\t\t\t\t\t\t\t<div class=\"elementor-spacer\">\n\t\t\t<div class=\"elementor-spacer-inner\"><\/div>\n\t\t<\/div>\n\t\t\t\t\t\t<\/div>\n\t\t\t\t<\/div>\n\t\t\t\t<div class=\"elementor-element elementor-element-af4370f elementor-widget elementor-widget-text-editor\" data-id=\"af4370f\" data-element_type=\"widget\" data-e-type=\"widget\" data-widget_type=\"text-editor.default\">\n\t\t\t\t<div class=\"elementor-widget-container\">\n\t\t\t\t\t\t\t\t\t<p>\u00ab\u00a0Nos concessions automobiles sont situ\u00e9es en zones strat\u00e9giques et urbaines potentiellement sensibles au regard de la pr\u00e9sence de riverains. Nos activit\u00e9s ou nos installations peuvent donc \u00eatre une source de nuisances sonores pour le voisinage (ventilations, extracteurs d\u2019air, climatiseurs, portique de lavage, s\u00e9chage, d\u00e9chargement des camions de livraison, \u2026) et nous nous attachons \u00e0 consid\u00e9rer ces potentiels impacts avec grand soin. L\u2019am\u00e9lioration de l\u2019environnement sonore est \u00e9galement l\u2019une des priorit\u00e9s de notre Politique Pr\u00e9vention, Sant\u00e9, S\u00e9curit\u00e9 et Environnement de Travail au sein de RRG.\u00a0\u00bb<\/p>\t\t\t\t\t\t\t\t<\/div>\n\t\t\t\t<\/div>\n\t\t\t\t<div class=\"elementor-element elementor-element-0c33934 elementor-widget elementor-widget-heading\" data-id=\"0c33934\" data-element_type=\"widget\" data-e-type=\"widget\" data-widget_type=\"heading.default\">\n\t\t\t\t<div class=\"elementor-widget-container\">\n\t\t\t\t\t<h5 class=\"elementor-heading-title elementor-size-default\">Le groupe Renault a recours aux services de groupe Gamba depuis de nombreuses ann\u00e9es. Finalement, qu'est-ce qui constitue pour vous la plus-value la plus int\u00e9ressante du BE acoustique ?<\/h5>\t\t\t\t<\/div>\n\t\t\t\t<\/div>\n\t\t\t\t<div class=\"elementor-element elementor-element-af1327d elementor-widget elementor-widget-spacer\" data-id=\"af1327d\" data-element_type=\"widget\" data-e-type=\"widget\" data-widget_type=\"spacer.default\">\n\t\t\t\t<div class=\"elementor-widget-container\">\n\t\t\t\t\t\t\t<div class=\"elementor-spacer\">\n\t\t\t<div class=\"elementor-spacer-inner\"><\/div>\n\t\t<\/div>\n\t\t\t\t\t\t<\/div>\n\t\t\t\t<\/div>\n\t\t\t\t<div class=\"elementor-element elementor-element-294c632 elementor-widget elementor-widget-text-editor\" data-id=\"294c632\" data-element_type=\"widget\" data-e-type=\"widget\" data-widget_type=\"text-editor.default\">\n\t\t\t\t<div class=\"elementor-widget-container\">\n\t\t\t\t\t\t\t\t\t<p>\u00ab\u00a0Les comp\u00e9tences techniques et la connaissance de nos installations sont des avantages ind\u00e9niables pour le bureau d&rsquo;\u00e9tudes. Mais au-del\u00e0 des prestations d&rsquo;\u00e9tude finalement assez standard pour un BE sp\u00e9cialis\u00e9 &#8211; mesures, mod\u00e9lisations 3D, \u00e9tudes des solutions -, ce que nous appr\u00e9cions aussi beaucoup, c&rsquo;est le fait que nous puissions \u00e9changer avec le BE en amont de nos projets. C&rsquo;est une source d&rsquo;\u00e9conomie et de tranquillit\u00e9 d&rsquo;esprit que de pouvoir aborder les questions avant qu&rsquo;elles ne se posent, sans d&rsquo;ailleurs n\u00e9cessairement r\u00e9aliser d&rsquo;\u00e9tudes \u00e0 ce stade ; la conclusion du consultant \u00e0 qui on aura soumis le projet pour avis, tr\u00e8s en amont, pourra \u00eatre que nous allons au devant de probl\u00e8mes importants ou au contraire que l&rsquo;enjeu acoustique est n\u00e9gligeable. B\u00e9n\u00e9ficier d&rsquo;un accompagnement strat\u00e9gique au plus t\u00f4t est finalement plus int\u00e9ressant et efficace, parce que nous savons o\u00f9 nous allons et comment nous devons y aller.\u00a0\u00bb<\/p>\t\t\t\t\t\t\t\t<\/div>\n\t\t\t\t<\/div>\n\t\t\t\t<div class=\"elementor-element elementor-element-769f0d9a elementor-align-center elementor-widget elementor-widget-button\" data-id=\"769f0d9a\" data-element_type=\"widget\" data-e-type=\"widget\" data-widget_type=\"button.default\">\n\t\t\t\t<div class=\"elementor-widget-container\">\n\t\t\t\t\t\t\t\t\t<div class=\"elementor-button-wrapper\">\n\t\t\t\t\t<a class=\"elementor-button elementor-button-link elementor-size-sm\" href=\"\/domaines-dactivites\/industrie\/\">\n\t\t\t\t\t\t<span class=\"elementor-button-content-wrapper\">\n\t\t\t\t\t\t\t\t\t<span class=\"elementor-button-text\">Notre expertise en acoustique industrielle<\/span>\n\t\t\t\t\t<\/span>\n\t\t\t\t\t<\/a>\n\t\t\t\t<\/div>\n\t\t\t\t\t\t\t\t<\/div>\n\t\t\t\t<\/div>\n\t\t\t\t<\/div>\n\t\t\t\t\t<\/div>\n\t\t\t\t<\/div>\n\t\t\t\t<\/div>\n\t\t","protected":false},"featured_media":9059,"template":"","meta":{"_acf_changed":false,"inline_featured_image":false},"activite":[10],"class_list":["post-2082","reference-projet","type-reference-projet","status-publish","has-post-thumbnail","hentry","activite-industrie"],"acf":[],"yoast_head":"<!-- This site is optimized with the Yoast SEO plugin v27.0 - https:\/\/yoast.com\/product\/yoast-seo-wordpress\/ -->\n<title>REFERENCE - Retour sur l&#039;accompagnement de Renault Retail Group - GAMBA<\/title>\n<meta name=\"description\" content=\"Retour sur l&#039;accompagnement de Renault Retail Group dans la ma\u00eetrise du bruit avec le bureau d&#039;\u00e9tude acoustique Groupe GAMBA.\" \/>\n<meta name=\"robots\" content=\"index, follow, max-snippet:-1, max-image-preview:large, max-video-preview:-1\" \/>\n<link rel=\"canonical\" href=\"https:\/\/gamba.fr\/en\/reference-projet\/retour-sur-laccompagnement-de-renault-retail-group\/\" \/>\n<meta property=\"og:locale\" content=\"en_US\" \/>\n<meta property=\"og:type\" content=\"article\" \/>\n<meta property=\"og:title\" content=\"REFERENCE - Retour sur l&#039;accompagnement de Renault Retail Group - GAMBA\" \/>\n<meta property=\"og:description\" content=\"Retour sur l&#039;accompagnement de Renault Retail Group dans la ma\u00eetrise du bruit avec le bureau d&#039;\u00e9tude acoustique Groupe GAMBA.\" \/>\n<meta property=\"og:url\" content=\"https:\/\/gamba.fr\/en\/reference-projet\/retour-sur-laccompagnement-de-renault-retail-group\/\" \/>\n<meta property=\"og:site_name\" content=\"GAMBA\" \/>\n<meta property=\"article:publisher\" content=\"https:\/\/www.facebook.com\/GambaAcoustique\/\" \/>\n<meta property=\"article:modified_time\" content=\"2024-04-15T09:29:51+00:00\" \/>\n<meta property=\"og:image\" content=\"https:\/\/gamba.fr\/wp-content\/uploads\/2023\/07\/automobile-image.png\" \/>\n\t<meta property=\"og:image:width\" content=\"1080\" \/>\n\t<meta property=\"og:image:height\" content=\"245\" \/>\n\t<meta property=\"og:image:type\" content=\"image\/png\" \/>\n<meta name=\"twitter:card\" content=\"summary_large_image\" \/>\n<meta name=\"twitter:label1\" content=\"Est. reading time\" \/>\n\t<meta name=\"twitter:data1\" content=\"3 minutes\" \/>\n<script type=\"application\/ld+json\" class=\"yoast-schema-graph\">{\"@context\":\"https:\/\/schema.org\",\"@graph\":[{\"@type\":\"WebPage\",\"@id\":\"https:\/\/gamba.fr\/reference-projet\/retour-sur-laccompagnement-de-renault-retail-group\/\",\"url\":\"https:\/\/gamba.fr\/reference-projet\/retour-sur-laccompagnement-de-renault-retail-group\/\",\"name\":\"REFERENCE - Retour sur l'accompagnement de Renault Retail Group - GAMBA\",\"isPartOf\":{\"@id\":\"https:\/\/gamba.fr\/#website\"},\"primaryImageOfPage\":{\"@id\":\"https:\/\/gamba.fr\/reference-projet\/retour-sur-laccompagnement-de-renault-retail-group\/#primaryimage\"},\"image\":{\"@id\":\"https:\/\/gamba.fr\/reference-projet\/retour-sur-laccompagnement-de-renault-retail-group\/#primaryimage\"},\"thumbnailUrl\":\"https:\/\/gamba.fr\/wp-content\/uploads\/2023\/07\/automobile-image.png\",\"datePublished\":\"2023-07-28T20:04:58+00:00\",\"dateModified\":\"2024-04-15T09:29:51+00:00\",\"description\":\"Retour sur l'accompagnement de Renault Retail Group dans la ma\u00eetrise du bruit avec le bureau d'\u00e9tude acoustique Groupe GAMBA.\",\"breadcrumb\":{\"@id\":\"https:\/\/gamba.fr\/reference-projet\/retour-sur-laccompagnement-de-renault-retail-group\/#breadcrumb\"},\"inLanguage\":\"en-US\",\"potentialAction\":[{\"@type\":\"ReadAction\",\"target\":[\"https:\/\/gamba.fr\/reference-projet\/retour-sur-laccompagnement-de-renault-retail-group\/\"]}]},{\"@type\":\"ImageObject\",\"inLanguage\":\"en-US\",\"@id\":\"https:\/\/gamba.fr\/reference-projet\/retour-sur-laccompagnement-de-renault-retail-group\/#primaryimage\",\"url\":\"https:\/\/gamba.fr\/wp-content\/uploads\/2023\/07\/automobile-image.png\",\"contentUrl\":\"https:\/\/gamba.fr\/wp-content\/uploads\/2023\/07\/automobile-image.png\",\"width\":1080,\"height\":245,\"caption\":\"automobile usine acoustique industrielle Groupe GAMBA\"},{\"@type\":\"BreadcrumbList\",\"@id\":\"https:\/\/gamba.fr\/reference-projet\/retour-sur-laccompagnement-de-renault-retail-group\/#breadcrumb\",\"itemListElement\":[{\"@type\":\"ListItem\",\"position\":1,\"name\":\"Accueil\",\"item\":\"https:\/\/gamba.fr\/\"},{\"@type\":\"ListItem\",\"position\":2,\"name\":\"R\u00e9f\u00e9rences\",\"item\":\"https:\/\/gamba.fr\/reference-projet\/\"},{\"@type\":\"ListItem\",\"position\":3,\"name\":\"REFERENCE &#8211; Retour sur l&rsquo;accompagnement de Renault Retail Group\"}]},{\"@type\":\"WebSite\",\"@id\":\"https:\/\/gamba.fr\/#website\",\"url\":\"https:\/\/gamba.fr\/\",\"name\":\"GAMBA\",\"description\":\"Plus que de l&#039;Acoustique et des Vibrations\",\"publisher\":{\"@id\":\"https:\/\/gamba.fr\/#organization\"},\"potentialAction\":[{\"@type\":\"SearchAction\",\"target\":{\"@type\":\"EntryPoint\",\"urlTemplate\":\"https:\/\/gamba.fr\/?s={search_term_string}\"},\"query-input\":{\"@type\":\"PropertyValueSpecification\",\"valueRequired\":true,\"valueName\":\"search_term_string\"}}],\"inLanguage\":\"en-US\"},{\"@type\":\"Organization\",\"@id\":\"https:\/\/gamba.fr\/#organization\",\"name\":\"GAMBA\",\"url\":\"https:\/\/gamba.fr\/\",\"logo\":{\"@type\":\"ImageObject\",\"inLanguage\":\"en-US\",\"@id\":\"https:\/\/gamba.fr\/#\/schema\/logo\/image\/\",\"url\":\"https:\/\/gamba.fr\/wp-content\/uploads\/2023\/07\/logo@2x.png\",\"contentUrl\":\"https:\/\/gamba.fr\/wp-content\/uploads\/2023\/07\/logo@2x.png\",\"width\":504,\"height\":140,\"caption\":\"GAMBA\"},\"image\":{\"@id\":\"https:\/\/gamba.fr\/#\/schema\/logo\/image\/\"},\"sameAs\":[\"https:\/\/www.facebook.com\/GambaAcoustique\/\",\"https:\/\/www.linkedin.com\/company\/gamba-acoustique\/?trk=mini-profile\"]}]}<\/script>\n<!-- \/ Yoast SEO plugin. -->","yoast_head_json":{"title":"REFERENCE - Retour sur l'accompagnement de Renault Retail Group - GAMBA","description":"Retour sur l'accompagnement de Renault Retail Group dans la ma\u00eetrise du bruit avec le bureau d'\u00e9tude acoustique Groupe GAMBA.","robots":{"index":"index","follow":"follow","max-snippet":"max-snippet:-1","max-image-preview":"max-image-preview:large","max-video-preview":"max-video-preview:-1"},"canonical":"https:\/\/gamba.fr\/en\/reference-projet\/retour-sur-laccompagnement-de-renault-retail-group\/","og_locale":"en_US","og_type":"article","og_title":"REFERENCE - Retour sur l'accompagnement de Renault Retail Group - GAMBA","og_description":"Retour sur l'accompagnement de Renault Retail Group dans la ma\u00eetrise du bruit avec le bureau d'\u00e9tude acoustique Groupe GAMBA.","og_url":"https:\/\/gamba.fr\/en\/reference-projet\/retour-sur-laccompagnement-de-renault-retail-group\/","og_site_name":"GAMBA","article_publisher":"https:\/\/www.facebook.com\/GambaAcoustique\/","article_modified_time":"2024-04-15T09:29:51+00:00","og_image":[{"width":1080,"height":245,"url":"https:\/\/gamba.fr\/wp-content\/uploads\/2023\/07\/automobile-image.png","type":"image\/png"}],"twitter_card":"summary_large_image","twitter_misc":{"Est. reading time":"3 minutes"},"schema":{"@context":"https:\/\/schema.org","@graph":[{"@type":"WebPage","@id":"https:\/\/gamba.fr\/reference-projet\/retour-sur-laccompagnement-de-renault-retail-group\/","url":"https:\/\/gamba.fr\/reference-projet\/retour-sur-laccompagnement-de-renault-retail-group\/","name":"REFERENCE - Retour sur l'accompagnement de Renault Retail Group - GAMBA","isPartOf":{"@id":"https:\/\/gamba.fr\/#website"},"primaryImageOfPage":{"@id":"https:\/\/gamba.fr\/reference-projet\/retour-sur-laccompagnement-de-renault-retail-group\/#primaryimage"},"image":{"@id":"https:\/\/gamba.fr\/reference-projet\/retour-sur-laccompagnement-de-renault-retail-group\/#primaryimage"},"thumbnailUrl":"https:\/\/gamba.fr\/wp-content\/uploads\/2023\/07\/automobile-image.png","datePublished":"2023-07-28T20:04:58+00:00","dateModified":"2024-04-15T09:29:51+00:00","description":"Retour sur l'accompagnement de Renault Retail Group dans la ma\u00eetrise du bruit avec le bureau d'\u00e9tude acoustique Groupe GAMBA.","breadcrumb":{"@id":"https:\/\/gamba.fr\/reference-projet\/retour-sur-laccompagnement-de-renault-retail-group\/#breadcrumb"},"inLanguage":"en-US","potentialAction":[{"@type":"ReadAction","target":["https:\/\/gamba.fr\/reference-projet\/retour-sur-laccompagnement-de-renault-retail-group\/"]}]},{"@type":"ImageObject","inLanguage":"en-US","@id":"https:\/\/gamba.fr\/reference-projet\/retour-sur-laccompagnement-de-renault-retail-group\/#primaryimage","url":"https:\/\/gamba.fr\/wp-content\/uploads\/2023\/07\/automobile-image.png","contentUrl":"https:\/\/gamba.fr\/wp-content\/uploads\/2023\/07\/automobile-image.png","width":1080,"height":245,"caption":"automobile usine acoustique industrielle Groupe GAMBA"},{"@type":"BreadcrumbList","@id":"https:\/\/gamba.fr\/reference-projet\/retour-sur-laccompagnement-de-renault-retail-group\/#breadcrumb","itemListElement":[{"@type":"ListItem","position":1,"name":"Accueil","item":"https:\/\/gamba.fr\/"},{"@type":"ListItem","position":2,"name":"R\u00e9f\u00e9rences","item":"https:\/\/gamba.fr\/reference-projet\/"},{"@type":"ListItem","position":3,"name":"REFERENCE &#8211; Retour sur l&rsquo;accompagnement de Renault Retail Group"}]},{"@type":"WebSite","@id":"https:\/\/gamba.fr\/#website","url":"https:\/\/gamba.fr\/","name":"GAMBA","description":"Plus que de l&#039;Acoustique et des Vibrations","publisher":{"@id":"https:\/\/gamba.fr\/#organization"},"potentialAction":[{"@type":"SearchAction","target":{"@type":"EntryPoint","urlTemplate":"https:\/\/gamba.fr\/?s={search_term_string}"},"query-input":{"@type":"PropertyValueSpecification","valueRequired":true,"valueName":"search_term_string"}}],"inLanguage":"en-US"},{"@type":"Organization","@id":"https:\/\/gamba.fr\/#organization","name":"GAMBA","url":"https:\/\/gamba.fr\/","logo":{"@type":"ImageObject","inLanguage":"en-US","@id":"https:\/\/gamba.fr\/#\/schema\/logo\/image\/","url":"https:\/\/gamba.fr\/wp-content\/uploads\/2023\/07\/logo@2x.png","contentUrl":"https:\/\/gamba.fr\/wp-content\/uploads\/2023\/07\/logo@2x.png","width":504,"height":140,"caption":"GAMBA"},"image":{"@id":"https:\/\/gamba.fr\/#\/schema\/logo\/image\/"},"sameAs":["https:\/\/www.facebook.com\/GambaAcoustique\/","https:\/\/www.linkedin.com\/company\/gamba-acoustique\/?trk=mini-profile"]}]}},"_links":{"self":[{"href":"https:\/\/gamba.fr\/en\/wp-json\/wp\/v2\/reference-projet\/2082","targetHints":{"allow":["GET"]}}],"collection":[{"href":"https:\/\/gamba.fr\/en\/wp-json\/wp\/v2\/reference-projet"}],"about":[{"href":"https:\/\/gamba.fr\/en\/wp-json\/wp\/v2\/types\/reference-projet"}],"version-history":[{"count":4,"href":"https:\/\/gamba.fr\/en\/wp-json\/wp\/v2\/reference-projet\/2082\/revisions"}],"predecessor-version":[{"id":12058,"href":"https:\/\/gamba.fr\/en\/wp-json\/wp\/v2\/reference-projet\/2082\/revisions\/12058"}],"wp:featuredmedia":[{"embeddable":true,"href":"https:\/\/gamba.fr\/en\/wp-json\/wp\/v2\/media\/9059"}],"wp:attachment":[{"href":"https:\/\/gamba.fr\/en\/wp-json\/wp\/v2\/media?parent=2082"}],"wp:term":[{"taxonomy":"activite","embeddable":true,"href":"https:\/\/gamba.fr\/en\/wp-json\/wp\/v2\/activite?post=2082"}],"curies":[{"name":"wp","href":"https:\/\/api.w.org\/{rel}","templated":true}]}}