{"id":13542,"date":"2025-01-14T11:18:01","date_gmt":"2025-01-14T10:18:01","guid":{"rendered":"https:\/\/gamba.fr\/?post_type=reference-projet&#038;p=13542"},"modified":"2025-01-14T11:21:33","modified_gmt":"2025-01-14T10:21:33","slug":"reference-theatre-nacelle-enjeux-renovation-acoustique","status":"publish","type":"reference-projet","link":"https:\/\/gamba.fr\/en\/reference-projet\/reference-theatre-nacelle-enjeux-renovation-acoustique\/","title":{"rendered":"R\u00c9F\u00c9RENCE &#8211; Th\u00e9\u00e2tre de la Nacelle : les enjeux d&rsquo;une r\u00e9novation."},"content":{"rendered":"<div data-elementor-type=\"wp-post\" data-elementor-id=\"13542\" class=\"elementor elementor-13542\" data-elementor-post-type=\"reference-projet\">\n\t\t\t\t<div class=\"elementor-element elementor-element-e709f16 e-flex e-con-boxed e-con e-parent\" data-id=\"e709f16\" data-element_type=\"container\" data-e-type=\"container\">\n\t\t\t\t\t<div class=\"e-con-inner\">\n\t\t\t\t<div class=\"elementor-element elementor-element-9899fd1 elementor-widget elementor-widget-spacer\" data-id=\"9899fd1\" data-element_type=\"widget\" data-e-type=\"widget\" data-widget_type=\"spacer.default\">\n\t\t\t\t<div class=\"elementor-widget-container\">\n\t\t\t\t\t\t\t<div class=\"elementor-spacer\">\n\t\t\t<div class=\"elementor-spacer-inner\"><\/div>\n\t\t<\/div>\n\t\t\t\t\t\t<\/div>\n\t\t\t\t<\/div>\n\t\t\t\t<div class=\"elementor-element elementor-element-d040d28 elementor-widget elementor-widget-heading\" data-id=\"d040d28\" data-element_type=\"widget\" data-e-type=\"widget\" data-widget_type=\"heading.default\">\n\t\t\t\t<div class=\"elementor-widget-container\">\n\t\t\t\t\t<h1 class=\"elementor-heading-title elementor-size-default\">Th\u00e9\u00e2tre de la Nacelle : les enjeux d'une r\u00e9novation.<\/h1>\t\t\t\t<\/div>\n\t\t\t\t<\/div>\n\t\t\t\t\t<\/div>\n\t\t\t\t<\/div>\n\t\t<div class=\"elementor-element elementor-element-0246e83 e-flex e-con-boxed e-con e-parent\" data-id=\"0246e83\" data-element_type=\"container\" data-e-type=\"container\">\n\t\t\t\t\t<div class=\"e-con-inner\">\n\t\t<div class=\"elementor-element elementor-element-18ce667 e-con-full e-flex e-con e-child\" data-id=\"18ce667\" data-element_type=\"container\" data-e-type=\"container\">\n\t\t\t\t<div class=\"elementor-element elementor-element-61e23e5 elementor-widget elementor-widget-image\" data-id=\"61e23e5\" data-element_type=\"widget\" data-e-type=\"widget\" data-widget_type=\"image.default\">\n\t\t\t\t<div class=\"elementor-widget-container\">\n\t\t\t\t\t\t\t\t\t\t\t\t<figure class=\"wp-caption\">\n\t\t\t\t\t\t\t\t\t\t<img fetchpriority=\"high\" decoding=\"async\" width=\"300\" height=\"212\" src=\"https:\/\/gamba.fr\/wp-content\/uploads\/2025\/01\/Theatre-nacelle-AUBERGENVILLE-2-300x212.jpg\" class=\"attachment-medium size-medium wp-image-13543\" alt=\"Th\u00e9\u00e2tre nacelle AUBERGENVILLE interieur\" srcset=\"https:\/\/gamba.fr\/wp-content\/uploads\/2025\/01\/Theatre-nacelle-AUBERGENVILLE-2-300x212.jpg 300w, https:\/\/gamba.fr\/wp-content\/uploads\/2025\/01\/Theatre-nacelle-AUBERGENVILLE-2-18x12.jpg 18w, https:\/\/gamba.fr\/wp-content\/uploads\/2025\/01\/Theatre-nacelle-AUBERGENVILLE-2.jpg 350w\" sizes=\"(max-width: 300px) 100vw, 300px\" \/>\t\t\t\t\t\t\t\t\t\t\t<figcaption class=\"widget-image-caption wp-caption-text\">Vue int\u00e9rieure. (Illustration : Nicolas C. GUILLOT)<\/figcaption>\n\t\t\t\t\t\t\t\t\t\t<\/figure>\n\t\t\t\t\t\t\t\t\t<\/div>\n\t\t\t\t<\/div>\n\t\t\t\t<\/div>\n\t\t<div class=\"elementor-element elementor-element-fa74d19 e-con-full e-flex e-con e-child\" data-id=\"fa74d19\" data-element_type=\"container\" data-e-type=\"container\">\n\t\t\t\t<div class=\"elementor-element elementor-element-bb584e5 elementor-widget elementor-widget-image\" data-id=\"bb584e5\" data-element_type=\"widget\" data-e-type=\"widget\" data-widget_type=\"image.default\">\n\t\t\t\t<div class=\"elementor-widget-container\">\n\t\t\t\t\t\t\t\t\t\t\t\t<figure class=\"wp-caption\">\n\t\t\t\t\t\t\t\t\t\t<img decoding=\"async\" width=\"350\" height=\"207\" src=\"https:\/\/gamba.fr\/wp-content\/uploads\/2025\/01\/Theatre-nacelle-AUBERGENVILLE.jpg\" class=\"attachment-medium_large size-medium_large wp-image-13545\" alt=\"Th\u00e9\u00e2tre nacelle AUBERGENVILLE exterieur\" srcset=\"https:\/\/gamba.fr\/wp-content\/uploads\/2025\/01\/Theatre-nacelle-AUBERGENVILLE.jpg 350w, https:\/\/gamba.fr\/wp-content\/uploads\/2025\/01\/Theatre-nacelle-AUBERGENVILLE-300x177.jpg 300w, https:\/\/gamba.fr\/wp-content\/uploads\/2025\/01\/Theatre-nacelle-AUBERGENVILLE-18x12.jpg 18w\" sizes=\"(max-width: 350px) 100vw, 350px\" \/>\t\t\t\t\t\t\t\t\t\t\t<figcaption class=\"widget-image-caption wp-caption-text\">Vue ext\u00e9rieure. (Illustration : Nicolas C. GUILLOT)<\/figcaption>\n\t\t\t\t\t\t\t\t\t\t<\/figure>\n\t\t\t\t\t\t\t\t\t<\/div>\n\t\t\t\t<\/div>\n\t\t\t\t<\/div>\n\t\t\t\t\t<\/div>\n\t\t\t\t<\/div>\n\t\t<div class=\"elementor-element elementor-element-4ff8241 e-flex e-con-boxed e-con e-parent\" data-id=\"4ff8241\" data-element_type=\"container\" data-e-type=\"container\">\n\t\t\t\t\t<div class=\"e-con-inner\">\n\t\t\t\t<div class=\"elementor-element elementor-element-77355a4 elementor-widget elementor-widget-text-editor\" data-id=\"77355a4\" data-element_type=\"widget\" data-e-type=\"widget\" data-widget_type=\"text-editor.default\">\n\t\t\t\t<div class=\"elementor-widget-container\">\n\t\t\t\t\t\t\t\t\t<p><strong>Le projet de r\u00e9novation du Th\u00e9\u00e2tre de la Nacelle sur la commune d\u2019AUBERGENVILLE est en cours. Cette transformation ambitionne de renforcer la pr\u00e9sence culturelle du th\u00e9\u00e2tre dans la communaut\u00e9 de Grand Paris Seine &amp; Oise, tout en am\u00e9liorant l&rsquo;exp\u00e9rience des artistes et du public gr\u00e2ce \u00e0 des \u00e9quipements modernis\u00e9s et un cadre accueillant.<\/strong><\/p><p>Le projet vise \u00e0 rendre le th\u00e9\u00e2tre plus identifiable, performant et pouvant accueillir jusqu&rsquo;\u00e0 400 places tout en s&rsquo;int\u00e9grant dans son environnement naturel. Une r\u00e9organisation des acc\u00e8s, du parking et des locaux techniques est pr\u00e9vue pour am\u00e9liorer la fonctionnalit\u00e9 et l&rsquo;efficacit\u00e9 \u00e9nerg\u00e9tique du b\u00e2timent.<\/p><ul><li><strong>Conception acoustique de la salle de Spectacle<\/strong> : L\u2019espace sc\u00e9nique sera sur\u00e9lev\u00e9 avec un gril technique \u00e0 9m. Les fauteuils seront fixes et align\u00e9s dans l\u2019axe de la sc\u00e8ne pour une visibilit\u00e9 optimale. Le traitement acoustique pr\u00e9voit des panneaux absorbants sur les murs et plafonds, un faux-plafond acoustique, et des si\u00e8ges avec rev\u00eatement textile pour r\u00e9duire la r\u00e9verb\u00e9ration.<\/li><li>Les \u00e9quipements techniques, comme les syst\u00e8mes de ventilation et de chauffage, seront insonoris\u00e9s pour limiter les nuisances internes et externes.<\/li><\/ul><p>Cette r\u00e9novation ambitieuse vise \u00e0 offrir une qualit\u00e9 sonore exceptionnelle, conforme aux standards acoustiques les plus exigeantes, tout en pr\u00e9servant la qui\u00e9tude du voisinage.\u00a0<\/p>\t\t\t\t\t\t\t\t<\/div>\n\t\t\t\t<\/div>\n\t\t\t\t<div class=\"elementor-element elementor-element-8a93919 elementor-widget elementor-widget-heading\" data-id=\"8a93919\" data-element_type=\"widget\" data-e-type=\"widget\" data-widget_type=\"heading.default\">\n\t\t\t\t<div class=\"elementor-widget-container\">\n\t\t\t\t\t<h2 class=\"elementor-heading-title elementor-size-default\">Composition de l'\u00e9quipe :<\/h2>\t\t\t\t<\/div>\n\t\t\t\t<\/div>\n\t\t\t\t\t<\/div>\n\t\t\t\t<\/div>\n\t\t<div class=\"elementor-element elementor-element-a57ee96 e-flex e-con-boxed e-con e-parent\" data-id=\"a57ee96\" data-element_type=\"container\" data-e-type=\"container\">\n\t\t\t\t\t<div class=\"e-con-inner\">\n\t\t\t\t<div class=\"elementor-element elementor-element-366340f elementor-widget elementor-widget-text-editor\" data-id=\"366340f\" data-element_type=\"widget\" data-e-type=\"widget\" data-widget_type=\"text-editor.default\">\n\t\t\t\t<div class=\"elementor-widget-container\">\n\t\t\t\t\t\t\t\t\t<p><strong>Ma\u00eetre d\u2019ouvrage :<\/strong> Communaut\u00e9 Urbaine Grand Paris Seine &amp; Oise<\/p><p><strong>Ma\u00eetrise d\u2019\u0153uvre :<\/strong><\/p><ul><li>Agence d&rsquo;architecture Nicolas Guillot,<\/li><li>Architecture et Technique,<\/li><li>Bost Ing\u00e9nierie,<\/li><li>GBA&amp;Co,<\/li><li>GBA Energies,<\/li><li>Cvia Etudes Techniques,<\/li><li>BATSCOP,<\/li><li>Groupe GAMBA<\/li><\/ul>\t\t\t\t\t\t\t\t<\/div>\n\t\t\t\t<\/div>\n\t\t\t\t<div class=\"elementor-element elementor-element-9d3203b elementor-widget elementor-widget-button\" data-id=\"9d3203b\" data-element_type=\"widget\" data-e-type=\"widget\" data-widget_type=\"button.default\">\n\t\t\t\t<div class=\"elementor-widget-container\">\n\t\t\t\t\t\t\t\t\t<div class=\"elementor-button-wrapper\">\n\t\t\t\t\t<a class=\"elementor-button elementor-button-link elementor-size-sm\" href=\"https:\/\/gamba.fr\/en\/domaines-dactivites\/salles-de-spectacle\/\">\n\t\t\t\t\t\t<span class=\"elementor-button-content-wrapper\">\n\t\t\t\t\t\t\t\t\t<span class=\"elementor-button-text\">Voir notre savoir faire en acoustique des salles<\/span>\n\t\t\t\t\t<\/span>\n\t\t\t\t\t<\/a>\n\t\t\t\t<\/div>\n\t\t\t\t\t\t\t\t<\/div>\n\t\t\t\t<\/div>\n\t\t\t\t\t<\/div>\n\t\t\t\t<\/div>\n\t\t\t\t<\/div>","protected":false},"featured_media":13543,"template":"","meta":{"_acf_changed":false,"inline_featured_image":false},"activite":[13],"class_list":["post-13542","reference-projet","type-reference-projet","status-publish","has-post-thumbnail","hentry","activite-salles-de-spectables"],"acf":[],"yoast_head":"<!-- This site is optimized with the Yoast SEO plugin v27.0 - https:\/\/yoast.com\/product\/yoast-seo-wordpress\/ -->\n<title>R\u00c9F\u00c9RENCE - Th\u00e9\u00e2tre de la Nacelle : les enjeux d&#039;une r\u00e9novation. - GAMBA<\/title>\n<meta name=\"description\" content=\"Une r\u00e9novation ambitieuse qui vise \u00e0 offrir une qualit\u00e9 sonore exceptionnelle, conforme aux standards acoustiques les plus exigeantes, tout en pr\u00e9servant la qui\u00e9tude du voisinage.\" \/>\n<meta name=\"robots\" content=\"index, follow, max-snippet:-1, max-image-preview:large, max-video-preview:-1\" \/>\n<link rel=\"canonical\" href=\"https:\/\/gamba.fr\/en\/reference-projet\/reference-theatre-nacelle-enjeux-renovation-acoustique\/\" \/>\n<meta property=\"og:locale\" content=\"en_US\" \/>\n<meta property=\"og:type\" content=\"article\" \/>\n<meta property=\"og:title\" content=\"R\u00c9F\u00c9RENCE - Th\u00e9\u00e2tre de la Nacelle : les enjeux d&#039;une r\u00e9novation. - GAMBA\" \/>\n<meta property=\"og:description\" content=\"Une r\u00e9novation ambitieuse qui vise \u00e0 offrir une qualit\u00e9 sonore exceptionnelle, conforme aux standards acoustiques les plus exigeantes, tout en pr\u00e9servant la qui\u00e9tude du voisinage.\" \/>\n<meta property=\"og:url\" content=\"https:\/\/gamba.fr\/en\/reference-projet\/reference-theatre-nacelle-enjeux-renovation-acoustique\/\" \/>\n<meta property=\"og:site_name\" content=\"GAMBA\" \/>\n<meta property=\"article:publisher\" content=\"https:\/\/www.facebook.com\/GambaAcoustique\/\" \/>\n<meta property=\"article:modified_time\" content=\"2025-01-14T10:21:33+00:00\" \/>\n<meta property=\"og:image\" content=\"https:\/\/gamba.fr\/wp-content\/uploads\/2025\/01\/Theatre-nacelle-AUBERGENVILLE-2.jpg\" \/>\n\t<meta property=\"og:image:width\" content=\"350\" \/>\n\t<meta property=\"og:image:height\" content=\"247\" \/>\n\t<meta property=\"og:image:type\" content=\"image\/jpeg\" \/>\n<meta name=\"twitter:card\" content=\"summary_large_image\" \/>\n<meta name=\"twitter:label1\" content=\"Est. reading time\" \/>\n\t<meta name=\"twitter:data1\" content=\"2 minutes\" \/>\n<script type=\"application\/ld+json\" class=\"yoast-schema-graph\">{\"@context\":\"https:\/\/schema.org\",\"@graph\":[{\"@type\":\"WebPage\",\"@id\":\"https:\/\/gamba.fr\/reference-projet\/reference-theatre-nacelle-enjeux-renovation-acoustique\/\",\"url\":\"https:\/\/gamba.fr\/reference-projet\/reference-theatre-nacelle-enjeux-renovation-acoustique\/\",\"name\":\"R\u00c9F\u00c9RENCE - Th\u00e9\u00e2tre de la Nacelle : les enjeux d'une r\u00e9novation. - GAMBA\",\"isPartOf\":{\"@id\":\"https:\/\/gamba.fr\/#website\"},\"primaryImageOfPage\":{\"@id\":\"https:\/\/gamba.fr\/reference-projet\/reference-theatre-nacelle-enjeux-renovation-acoustique\/#primaryimage\"},\"image\":{\"@id\":\"https:\/\/gamba.fr\/reference-projet\/reference-theatre-nacelle-enjeux-renovation-acoustique\/#primaryimage\"},\"thumbnailUrl\":\"https:\/\/gamba.fr\/wp-content\/uploads\/2025\/01\/Theatre-nacelle-AUBERGENVILLE-2.jpg\",\"datePublished\":\"2025-01-14T10:18:01+00:00\",\"dateModified\":\"2025-01-14T10:21:33+00:00\",\"description\":\"Une r\u00e9novation ambitieuse qui vise \u00e0 offrir une qualit\u00e9 sonore exceptionnelle, conforme aux standards acoustiques les plus exigeantes, tout en pr\u00e9servant la qui\u00e9tude du voisinage.\",\"breadcrumb\":{\"@id\":\"https:\/\/gamba.fr\/reference-projet\/reference-theatre-nacelle-enjeux-renovation-acoustique\/#breadcrumb\"},\"inLanguage\":\"en-US\",\"potentialAction\":[{\"@type\":\"ReadAction\",\"target\":[\"https:\/\/gamba.fr\/reference-projet\/reference-theatre-nacelle-enjeux-renovation-acoustique\/\"]}]},{\"@type\":\"ImageObject\",\"inLanguage\":\"en-US\",\"@id\":\"https:\/\/gamba.fr\/reference-projet\/reference-theatre-nacelle-enjeux-renovation-acoustique\/#primaryimage\",\"url\":\"https:\/\/gamba.fr\/wp-content\/uploads\/2025\/01\/Theatre-nacelle-AUBERGENVILLE-2.jpg\",\"contentUrl\":\"https:\/\/gamba.fr\/wp-content\/uploads\/2025\/01\/Theatre-nacelle-AUBERGENVILLE-2.jpg\",\"width\":350,\"height\":247,\"caption\":\"Th\u00e9\u00e2tre nacelle AUBERGENVILLE interieur\"},{\"@type\":\"BreadcrumbList\",\"@id\":\"https:\/\/gamba.fr\/reference-projet\/reference-theatre-nacelle-enjeux-renovation-acoustique\/#breadcrumb\",\"itemListElement\":[{\"@type\":\"ListItem\",\"position\":1,\"name\":\"Accueil\",\"item\":\"https:\/\/gamba.fr\/\"},{\"@type\":\"ListItem\",\"position\":2,\"name\":\"R\u00e9f\u00e9rences\",\"item\":\"https:\/\/gamba.fr\/reference-projet\/\"},{\"@type\":\"ListItem\",\"position\":3,\"name\":\"R\u00c9F\u00c9RENCE &#8211; Th\u00e9\u00e2tre de la Nacelle : les enjeux d&rsquo;une r\u00e9novation.\"}]},{\"@type\":\"WebSite\",\"@id\":\"https:\/\/gamba.fr\/#website\",\"url\":\"https:\/\/gamba.fr\/\",\"name\":\"GAMBA\",\"description\":\"Plus que de l&#039;Acoustique et des Vibrations\",\"publisher\":{\"@id\":\"https:\/\/gamba.fr\/#organization\"},\"potentialAction\":[{\"@type\":\"SearchAction\",\"target\":{\"@type\":\"EntryPoint\",\"urlTemplate\":\"https:\/\/gamba.fr\/?s={search_term_string}\"},\"query-input\":{\"@type\":\"PropertyValueSpecification\",\"valueRequired\":true,\"valueName\":\"search_term_string\"}}],\"inLanguage\":\"en-US\"},{\"@type\":\"Organization\",\"@id\":\"https:\/\/gamba.fr\/#organization\",\"name\":\"GAMBA\",\"url\":\"https:\/\/gamba.fr\/\",\"logo\":{\"@type\":\"ImageObject\",\"inLanguage\":\"en-US\",\"@id\":\"https:\/\/gamba.fr\/#\/schema\/logo\/image\/\",\"url\":\"https:\/\/gamba.fr\/wp-content\/uploads\/2023\/07\/logo@2x.png\",\"contentUrl\":\"https:\/\/gamba.fr\/wp-content\/uploads\/2023\/07\/logo@2x.png\",\"width\":504,\"height\":140,\"caption\":\"GAMBA\"},\"image\":{\"@id\":\"https:\/\/gamba.fr\/#\/schema\/logo\/image\/\"},\"sameAs\":[\"https:\/\/www.facebook.com\/GambaAcoustique\/\",\"https:\/\/www.linkedin.com\/company\/gamba-acoustique\/?trk=mini-profile\"]}]}<\/script>\n<!-- \/ Yoast SEO plugin. -->","yoast_head_json":{"title":"R\u00c9F\u00c9RENCE - Th\u00e9\u00e2tre de la Nacelle : les enjeux d'une r\u00e9novation. - GAMBA","description":"Une r\u00e9novation ambitieuse qui vise \u00e0 offrir une qualit\u00e9 sonore exceptionnelle, conforme aux standards acoustiques les plus exigeantes, tout en pr\u00e9servant la qui\u00e9tude du voisinage.","robots":{"index":"index","follow":"follow","max-snippet":"max-snippet:-1","max-image-preview":"max-image-preview:large","max-video-preview":"max-video-preview:-1"},"canonical":"https:\/\/gamba.fr\/en\/reference-projet\/reference-theatre-nacelle-enjeux-renovation-acoustique\/","og_locale":"en_US","og_type":"article","og_title":"R\u00c9F\u00c9RENCE - Th\u00e9\u00e2tre de la Nacelle : les enjeux d'une r\u00e9novation. - GAMBA","og_description":"Une r\u00e9novation ambitieuse qui vise \u00e0 offrir une qualit\u00e9 sonore exceptionnelle, conforme aux standards acoustiques les plus exigeantes, tout en pr\u00e9servant la qui\u00e9tude du voisinage.","og_url":"https:\/\/gamba.fr\/en\/reference-projet\/reference-theatre-nacelle-enjeux-renovation-acoustique\/","og_site_name":"GAMBA","article_publisher":"https:\/\/www.facebook.com\/GambaAcoustique\/","article_modified_time":"2025-01-14T10:21:33+00:00","og_image":[{"width":350,"height":247,"url":"https:\/\/gamba.fr\/wp-content\/uploads\/2025\/01\/Theatre-nacelle-AUBERGENVILLE-2.jpg","type":"image\/jpeg"}],"twitter_card":"summary_large_image","twitter_misc":{"Est. reading time":"2 minutes"},"schema":{"@context":"https:\/\/schema.org","@graph":[{"@type":"WebPage","@id":"https:\/\/gamba.fr\/reference-projet\/reference-theatre-nacelle-enjeux-renovation-acoustique\/","url":"https:\/\/gamba.fr\/reference-projet\/reference-theatre-nacelle-enjeux-renovation-acoustique\/","name":"R\u00c9F\u00c9RENCE - Th\u00e9\u00e2tre de la Nacelle : les enjeux d'une r\u00e9novation. - GAMBA","isPartOf":{"@id":"https:\/\/gamba.fr\/#website"},"primaryImageOfPage":{"@id":"https:\/\/gamba.fr\/reference-projet\/reference-theatre-nacelle-enjeux-renovation-acoustique\/#primaryimage"},"image":{"@id":"https:\/\/gamba.fr\/reference-projet\/reference-theatre-nacelle-enjeux-renovation-acoustique\/#primaryimage"},"thumbnailUrl":"https:\/\/gamba.fr\/wp-content\/uploads\/2025\/01\/Theatre-nacelle-AUBERGENVILLE-2.jpg","datePublished":"2025-01-14T10:18:01+00:00","dateModified":"2025-01-14T10:21:33+00:00","description":"Une r\u00e9novation ambitieuse qui vise \u00e0 offrir une qualit\u00e9 sonore exceptionnelle, conforme aux standards acoustiques les plus exigeantes, tout en pr\u00e9servant la qui\u00e9tude du voisinage.","breadcrumb":{"@id":"https:\/\/gamba.fr\/reference-projet\/reference-theatre-nacelle-enjeux-renovation-acoustique\/#breadcrumb"},"inLanguage":"en-US","potentialAction":[{"@type":"ReadAction","target":["https:\/\/gamba.fr\/reference-projet\/reference-theatre-nacelle-enjeux-renovation-acoustique\/"]}]},{"@type":"ImageObject","inLanguage":"en-US","@id":"https:\/\/gamba.fr\/reference-projet\/reference-theatre-nacelle-enjeux-renovation-acoustique\/#primaryimage","url":"https:\/\/gamba.fr\/wp-content\/uploads\/2025\/01\/Theatre-nacelle-AUBERGENVILLE-2.jpg","contentUrl":"https:\/\/gamba.fr\/wp-content\/uploads\/2025\/01\/Theatre-nacelle-AUBERGENVILLE-2.jpg","width":350,"height":247,"caption":"Th\u00e9\u00e2tre nacelle AUBERGENVILLE interieur"},{"@type":"BreadcrumbList","@id":"https:\/\/gamba.fr\/reference-projet\/reference-theatre-nacelle-enjeux-renovation-acoustique\/#breadcrumb","itemListElement":[{"@type":"ListItem","position":1,"name":"Accueil","item":"https:\/\/gamba.fr\/"},{"@type":"ListItem","position":2,"name":"R\u00e9f\u00e9rences","item":"https:\/\/gamba.fr\/reference-projet\/"},{"@type":"ListItem","position":3,"name":"R\u00c9F\u00c9RENCE &#8211; Th\u00e9\u00e2tre de la Nacelle : les enjeux d&rsquo;une r\u00e9novation."}]},{"@type":"WebSite","@id":"https:\/\/gamba.fr\/#website","url":"https:\/\/gamba.fr\/","name":"GAMBA","description":"Plus que de l&#039;Acoustique et des Vibrations","publisher":{"@id":"https:\/\/gamba.fr\/#organization"},"potentialAction":[{"@type":"SearchAction","target":{"@type":"EntryPoint","urlTemplate":"https:\/\/gamba.fr\/?s={search_term_string}"},"query-input":{"@type":"PropertyValueSpecification","valueRequired":true,"valueName":"search_term_string"}}],"inLanguage":"en-US"},{"@type":"Organization","@id":"https:\/\/gamba.fr\/#organization","name":"GAMBA","url":"https:\/\/gamba.fr\/","logo":{"@type":"ImageObject","inLanguage":"en-US","@id":"https:\/\/gamba.fr\/#\/schema\/logo\/image\/","url":"https:\/\/gamba.fr\/wp-content\/uploads\/2023\/07\/logo@2x.png","contentUrl":"https:\/\/gamba.fr\/wp-content\/uploads\/2023\/07\/logo@2x.png","width":504,"height":140,"caption":"GAMBA"},"image":{"@id":"https:\/\/gamba.fr\/#\/schema\/logo\/image\/"},"sameAs":["https:\/\/www.facebook.com\/GambaAcoustique\/","https:\/\/www.linkedin.com\/company\/gamba-acoustique\/?trk=mini-profile"]}]}},"_links":{"self":[{"href":"https:\/\/gamba.fr\/en\/wp-json\/wp\/v2\/reference-projet\/13542","targetHints":{"allow":["GET"]}}],"collection":[{"href":"https:\/\/gamba.fr\/en\/wp-json\/wp\/v2\/reference-projet"}],"about":[{"href":"https:\/\/gamba.fr\/en\/wp-json\/wp\/v2\/types\/reference-projet"}],"version-history":[{"count":4,"href":"https:\/\/gamba.fr\/en\/wp-json\/wp\/v2\/reference-projet\/13542\/revisions"}],"predecessor-version":[{"id":13548,"href":"https:\/\/gamba.fr\/en\/wp-json\/wp\/v2\/reference-projet\/13542\/revisions\/13548"}],"wp:featuredmedia":[{"embeddable":true,"href":"https:\/\/gamba.fr\/en\/wp-json\/wp\/v2\/media\/13543"}],"wp:attachment":[{"href":"https:\/\/gamba.fr\/en\/wp-json\/wp\/v2\/media?parent=13542"}],"wp:term":[{"taxonomy":"activite","embeddable":true,"href":"https:\/\/gamba.fr\/en\/wp-json\/wp\/v2\/activite?post=13542"}],"curies":[{"name":"wp","href":"https:\/\/api.w.org\/{rel}","templated":true}]}}