{"id":14034,"date":"2025-06-10T19:37:17","date_gmt":"2025-06-10T17:37:17","guid":{"rendered":"https:\/\/gamba.fr\/?page_id=14034"},"modified":"2025-06-10T19:37:18","modified_gmt":"2025-06-10T17:37:18","slug":"optimisation-des-traitements-vibratoires-dans-les-batiments-ce-quil-faut-savoir","status":"publish","type":"page","link":"https:\/\/gamba.fr\/en\/optimisation-des-traitements-vibratoires-dans-les-batiments-ce-quil-faut-savoir\/","title":{"rendered":"Optimisation des traitements vibratoires dans les b\u00e2timents \u2013 Ce qu\u2019il faut savoir\u00a0"},"content":{"rendered":"<div data-elementor-type=\"wp-page\" data-elementor-id=\"14034\" class=\"elementor elementor-14034\" data-elementor-post-type=\"page\">\n\t\t\t\t<div class=\"elementor-element elementor-element-3c8167f e-flex e-con-boxed e-con e-parent\" data-id=\"3c8167f\" data-element_type=\"container\" data-e-type=\"container\">\n\t\t\t\t\t<div class=\"e-con-inner\">\n\t\t<div class=\"elementor-element elementor-element-be25387 e-con-full e-flex e-con e-child\" data-id=\"be25387\" data-element_type=\"container\" data-e-type=\"container\">\n\t\t\t\t<div class=\"elementor-element elementor-element-a9c80d5 elementor-widget elementor-widget-spacer\" data-id=\"a9c80d5\" data-element_type=\"widget\" data-e-type=\"widget\" data-widget_type=\"spacer.default\">\n\t\t\t\t<div class=\"elementor-widget-container\">\n\t\t\t\t\t\t\t<div class=\"elementor-spacer\">\n\t\t\t<div class=\"elementor-spacer-inner\"><\/div>\n\t\t<\/div>\n\t\t\t\t\t\t<\/div>\n\t\t\t\t<\/div>\n\t\t\t\t<div class=\"elementor-element elementor-element-8f9ce93 elementor-widget elementor-widget-heading\" data-id=\"8f9ce93\" data-element_type=\"widget\" data-e-type=\"widget\" data-widget_type=\"heading.default\">\n\t\t\t\t<div class=\"elementor-widget-container\">\n\t\t\t\t\t<h1 class=\"elementor-heading-title elementor-size-default\">Optimisation des traitements vibratoires dans les b\u00e2timents<\/h1>\t\t\t\t<\/div>\n\t\t\t\t<\/div>\n\t\t\t\t<div class=\"elementor-element elementor-element-5156f2e elementor-widget elementor-widget-heading\" data-id=\"5156f2e\" data-element_type=\"widget\" data-e-type=\"widget\" data-widget_type=\"heading.default\">\n\t\t\t\t<div class=\"elementor-widget-container\">\n\t\t\t\t\t<h3 class=\"elementor-heading-title elementor-size-default\">#Ce Qu'il Faut Savoir<\/h3>\t\t\t\t<\/div>\n\t\t\t\t<\/div>\n\t\t\t\t<div class=\"elementor-element elementor-element-751a535 elementor-widget elementor-widget-text-editor\" data-id=\"751a535\" data-element_type=\"widget\" data-e-type=\"widget\" data-widget_type=\"text-editor.default\">\n\t\t\t\t<div class=\"elementor-widget-container\">\n\t\t\t\t\t\t\t\t\t<p>Les enjeux financiers, dus \u00e0 un impact vibratoire sur une op\u00e9ration immobili\u00e8re, \u00e9tant non n\u00e9gligeables (le co\u00fbt d\u2019une coupure vibratoire pouvant aller jusqu\u2019\u00e0 plusieurs pour cent du montant des travaux), la pr\u00e9cision des \u00e9tudes vibratoires et l\u2019optimisation de la performance des traitements sont primordiales.<\/p><p><br \/>Tout d&rsquo;abord, il est n\u00e9cessaire de r\u00e9aliser un diagnostic pr\u00e9cis, afin de disposer de donn\u00e9es d&rsquo;entr\u00e9es pr\u00e9cises, d\u00e9taill\u00e9es et r\u00e9alistes. Ensuite, apr\u00e8s r\u00e9alisation d&rsquo;une mod\u00e9lisation forfaitaire d\u00e9montrant le risque d&rsquo;impact, il est n\u00e9cessaire de r\u00e9aliser une mod\u00e9lisation d\u00e9taill\u00e9e des transmissions vibratoires, afin de prendre en compte le caract\u00e8re dynamique de la probl\u00e9matique.<\/p><p><br \/>Finalement, le seul dimensionnement d&rsquo;un traitement vibratoire ne permet pas de garantir l&rsquo;atteinte des objectifs vibratoires. En effet, la qualit\u00e9 de la mise en \u0153uvre de ces \u00e9l\u00e9ments tr\u00e8s techniques est primordiale pour l&rsquo;atteinte des objectifs. Afin d&rsquo;assurer qu&rsquo;un tel investissement financier permet d\u2019atteindre les objectifs (limitation de la g\u00eane<br \/>des futurs occupants, notamment), chacune des \u00e9tapes du suivi des travaux de mise en \u0153uvre des dispositifs anti vibratiles doit \u00eatre r\u00e9alis\u00e9e.<\/p>\t\t\t\t\t\t\t\t<\/div>\n\t\t\t\t<\/div>\n\t\t<div class=\"elementor-element elementor-element-cc8af80 e-con-full e-flex e-con e-child\" data-id=\"cc8af80\" data-element_type=\"container\" data-e-type=\"container\">\n\t\t<div class=\"elementor-element elementor-element-3814fe9 e-con-full e-flex e-con e-child\" data-id=\"3814fe9\" data-element_type=\"container\" data-e-type=\"container\">\n\t\t\t\t<div class=\"elementor-element elementor-element-9a04a4d elementor-widget elementor-widget-image\" data-id=\"9a04a4d\" data-element_type=\"widget\" data-e-type=\"widget\" data-widget_type=\"image.default\">\n\t\t\t\t<div class=\"elementor-widget-container\">\n\t\t\t\t\t\t\t\t\t\t\t\t\t\t\t\t<a href=\"https:\/\/aeda0630.sibforms.com\/serve\/MUIEAInJ_dPAoAp3S-jaFhYJYyEDJgtW9yjYHD5LYgZbGXzIXIVjrUgkTpVVPTGqKQAkXlNBdhxdNoXXU4BkhD_sbM9G5lMq0qXMdW81A1qkyVm_g7dVYaaKLSnlJL2HbSYPYb36ds-_eBcIT-zwkSMVTuec7I0LdCnXpwLb1oeC37WZI-UwJOSSLbXFlbeu5vGK3zDpbpLlgJaV\">\n\t\t\t\t\t\t\t<img fetchpriority=\"high\" decoding=\"async\" width=\"800\" height=\"450\" src=\"https:\/\/gamba.fr\/wp-content\/uploads\/2025\/06\/vignette-couverture-optimisation-traitement-1024x576.jpg\" class=\"attachment-large size-large wp-image-14020\" alt=\"vignette-couverture-optimisation-traitement\" srcset=\"https:\/\/gamba.fr\/wp-content\/uploads\/2025\/06\/vignette-couverture-optimisation-traitement-1024x576.jpg 1024w, https:\/\/gamba.fr\/wp-content\/uploads\/2025\/06\/vignette-couverture-optimisation-traitement-300x169.jpg 300w, https:\/\/gamba.fr\/wp-content\/uploads\/2025\/06\/vignette-couverture-optimisation-traitement-768x432.jpg 768w, https:\/\/gamba.fr\/wp-content\/uploads\/2025\/06\/vignette-couverture-optimisation-traitement-18x10.jpg 18w, https:\/\/gamba.fr\/wp-content\/uploads\/2025\/06\/vignette-couverture-optimisation-traitement.jpg 1279w\" sizes=\"(max-width: 800px) 100vw, 800px\" \/>\t\t\t\t\t\t\t\t<\/a>\n\t\t\t\t\t\t\t\t\t\t\t\t\t\t\t<\/div>\n\t\t\t\t<\/div>\n\t\t\t\t<\/div>\n\t\t<div class=\"elementor-element elementor-element-e2451a8 e-con-full e-flex e-con e-child\" data-id=\"e2451a8\" data-element_type=\"container\" data-e-type=\"container\">\n\t\t\t\t<div class=\"elementor-element elementor-element-bee6f98 elementor-widget elementor-widget-text-editor\" data-id=\"bee6f98\" data-element_type=\"widget\" data-e-type=\"widget\" data-widget_type=\"text-editor.default\">\n\t\t\t\t<div class=\"elementor-widget-container\">\n\t\t\t\t\t\t\t\t\t<p>Vous envisagez un projet \u00e0 proximit\u00e9 de voies ferr\u00e9es ?\u00a0<\/p><p>D\u00e9couvrez comment <strong data-start=\"261\" data-end=\"296\">r\u00e9duire drastiquement les co\u00fbts<\/strong> li\u00e9s aux traitements vibratoires gr\u00e2ce \u00e0 une approche fine et ma\u00eetris\u00e9e. Sources des vibrations, solutions efficaces (avec ou sans d\u00e9solidarisation), <strong data-start=\"447\" data-end=\"479\">outils de diagnostic avanc\u00e9s<\/strong>, cas concret avec <strong data-start=\"498\" data-end=\"523\">400 000 \u20ac d\u2019\u00e9conomies<\/strong> \u00e0 la cl\u00e9\u2026<\/p>\t\t\t\t\t\t\t\t<\/div>\n\t\t\t\t<\/div>\n\t\t\t\t<div class=\"elementor-element elementor-element-182d648 elementor-widget elementor-widget-button\" data-id=\"182d648\" data-element_type=\"widget\" data-e-type=\"widget\" data-widget_type=\"button.default\">\n\t\t\t\t<div class=\"elementor-widget-container\">\n\t\t\t\t\t\t\t\t\t<div class=\"elementor-button-wrapper\">\n\t\t\t\t\t<a class=\"elementor-button elementor-button-link elementor-size-sm\" href=\"https:\/\/gamba.fr\/wp-content\/uploads\/2025\/06\/GAMBA_Optimisation_traitements_vibratoires.pdf\">\n\t\t\t\t\t\t<span class=\"elementor-button-content-wrapper\">\n\t\t\t\t\t\t\t\t\t<span class=\"elementor-button-text\">J'acc\u00e8de au livre blanc<\/span>\n\t\t\t\t\t<\/span>\n\t\t\t\t\t<\/a>\n\t\t\t\t<\/div>\n\t\t\t\t\t\t\t\t<\/div>\n\t\t\t\t<\/div>\n\t\t\t\t<\/div>\n\t\t\t\t<\/div>\n\t\t\t\t<\/div>\n\t\t\t\t\t<\/div>\n\t\t\t\t<\/div>\n\t\t\t\t<\/div>","protected":false},"excerpt":{"rendered":"<p>Optimisation des traitements vibratoires dans les b\u00e2timents #Ce Qu&rsquo;il Faut Savoir Les enjeux financiers, dus \u00e0 un impact vibratoire sur une op\u00e9ration immobili\u00e8re, \u00e9tant non n\u00e9gligeables (le co\u00fbt d\u2019une coupure vibratoire pouvant aller jusqu\u2019\u00e0 plusieurs pour cent du montant des travaux), la pr\u00e9cision des \u00e9tudes vibratoires et l\u2019optimisation de la performance des traitements sont primordiales. [&hellip;]<\/p>\n","protected":false},"author":7,"featured_media":0,"parent":0,"menu_order":0,"comment_status":"closed","ping_status":"closed","template":"","meta":{"_acf_changed":false,"inline_featured_image":false,"footnotes":""},"activite":[],"class_list":["post-14034","page","type-page","status-publish","hentry"],"acf":[],"yoast_head":"<!-- This site is optimized with the Yoast SEO plugin v27.0 - https:\/\/yoast.com\/product\/yoast-seo-wordpress\/ -->\n<title>Optimisation des traitements vibratoires dans les b\u00e2timents<\/title>\n<meta name=\"description\" content=\"Optimisation des traitements vibratoires dans les b\u00e2timents - Le livre blanc pour ceux qui envisagent un projet \u00e0 proximit\u00e9 de voies ferr\u00e9es\" \/>\n<meta name=\"robots\" content=\"index, follow, max-snippet:-1, max-image-preview:large, max-video-preview:-1\" \/>\n<link rel=\"canonical\" href=\"https:\/\/gamba.fr\/en\/optimisation-des-traitements-vibratoires-dans-les-batiments-ce-quil-faut-savoir\/\" \/>\n<meta property=\"og:locale\" content=\"en_US\" \/>\n<meta property=\"og:type\" content=\"article\" \/>\n<meta property=\"og:title\" content=\"Optimisation des traitements vibratoires dans les b\u00e2timents\" \/>\n<meta property=\"og:description\" content=\"Optimisation des traitements vibratoires dans les b\u00e2timents - Le livre blanc pour ceux qui envisagent un projet \u00e0 proximit\u00e9 de voies ferr\u00e9es\" \/>\n<meta property=\"og:url\" content=\"https:\/\/gamba.fr\/en\/optimisation-des-traitements-vibratoires-dans-les-batiments-ce-quil-faut-savoir\/\" \/>\n<meta property=\"og:site_name\" content=\"GAMBA\" \/>\n<meta property=\"article:publisher\" content=\"https:\/\/www.facebook.com\/GambaAcoustique\/\" \/>\n<meta property=\"article:modified_time\" content=\"2025-06-10T17:37:18+00:00\" \/>\n<meta property=\"og:image\" content=\"https:\/\/gamba.fr\/wp-content\/uploads\/2025\/06\/vignette-couverture-optimisation-traitement-1024x576.jpg\" \/>\n<meta name=\"twitter:card\" content=\"summary_large_image\" \/>\n<meta name=\"twitter:label1\" content=\"Est. reading time\" \/>\n\t<meta name=\"twitter:data1\" content=\"2 minutes\" \/>\n<script type=\"application\/ld+json\" class=\"yoast-schema-graph\">{\"@context\":\"https:\/\/schema.org\",\"@graph\":[{\"@type\":\"WebPage\",\"@id\":\"https:\/\/gamba.fr\/optimisation-des-traitements-vibratoires-dans-les-batiments-ce-quil-faut-savoir\/\",\"url\":\"https:\/\/gamba.fr\/optimisation-des-traitements-vibratoires-dans-les-batiments-ce-quil-faut-savoir\/\",\"name\":\"Optimisation des traitements vibratoires dans les b\u00e2timents\",\"isPartOf\":{\"@id\":\"https:\/\/gamba.fr\/#website\"},\"primaryImageOfPage\":{\"@id\":\"https:\/\/gamba.fr\/optimisation-des-traitements-vibratoires-dans-les-batiments-ce-quil-faut-savoir\/#primaryimage\"},\"image\":{\"@id\":\"https:\/\/gamba.fr\/optimisation-des-traitements-vibratoires-dans-les-batiments-ce-quil-faut-savoir\/#primaryimage\"},\"thumbnailUrl\":\"https:\/\/gamba.fr\/wp-content\/uploads\/2025\/06\/vignette-couverture-optimisation-traitement-1024x576.jpg\",\"datePublished\":\"2025-06-10T17:37:17+00:00\",\"dateModified\":\"2025-06-10T17:37:18+00:00\",\"description\":\"Optimisation des traitements vibratoires dans les b\u00e2timents - Le livre blanc pour ceux qui envisagent un projet \u00e0 proximit\u00e9 de voies ferr\u00e9es\",\"breadcrumb\":{\"@id\":\"https:\/\/gamba.fr\/optimisation-des-traitements-vibratoires-dans-les-batiments-ce-quil-faut-savoir\/#breadcrumb\"},\"inLanguage\":\"en-US\",\"potentialAction\":[{\"@type\":\"ReadAction\",\"target\":[\"https:\/\/gamba.fr\/optimisation-des-traitements-vibratoires-dans-les-batiments-ce-quil-faut-savoir\/\"]}]},{\"@type\":\"ImageObject\",\"inLanguage\":\"en-US\",\"@id\":\"https:\/\/gamba.fr\/optimisation-des-traitements-vibratoires-dans-les-batiments-ce-quil-faut-savoir\/#primaryimage\",\"url\":\"https:\/\/gamba.fr\/wp-content\/uploads\/2025\/06\/vignette-couverture-optimisation-traitement-1024x576.jpg\",\"contentUrl\":\"https:\/\/gamba.fr\/wp-content\/uploads\/2025\/06\/vignette-couverture-optimisation-traitement-1024x576.jpg\"},{\"@type\":\"BreadcrumbList\",\"@id\":\"https:\/\/gamba.fr\/optimisation-des-traitements-vibratoires-dans-les-batiments-ce-quil-faut-savoir\/#breadcrumb\",\"itemListElement\":[{\"@type\":\"ListItem\",\"position\":1,\"name\":\"Accueil\",\"item\":\"https:\/\/gamba.fr\/\"},{\"@type\":\"ListItem\",\"position\":2,\"name\":\"Optimisation des traitements vibratoires dans les b\u00e2timents \u2013 Ce qu\u2019il faut savoir\u00a0\"}]},{\"@type\":\"WebSite\",\"@id\":\"https:\/\/gamba.fr\/#website\",\"url\":\"https:\/\/gamba.fr\/\",\"name\":\"GAMBA\",\"description\":\"Plus que de l&#039;Acoustique et des Vibrations\",\"publisher\":{\"@id\":\"https:\/\/gamba.fr\/#organization\"},\"potentialAction\":[{\"@type\":\"SearchAction\",\"target\":{\"@type\":\"EntryPoint\",\"urlTemplate\":\"https:\/\/gamba.fr\/?s={search_term_string}\"},\"query-input\":{\"@type\":\"PropertyValueSpecification\",\"valueRequired\":true,\"valueName\":\"search_term_string\"}}],\"inLanguage\":\"en-US\"},{\"@type\":\"Organization\",\"@id\":\"https:\/\/gamba.fr\/#organization\",\"name\":\"GAMBA\",\"url\":\"https:\/\/gamba.fr\/\",\"logo\":{\"@type\":\"ImageObject\",\"inLanguage\":\"en-US\",\"@id\":\"https:\/\/gamba.fr\/#\/schema\/logo\/image\/\",\"url\":\"https:\/\/gamba.fr\/wp-content\/uploads\/2023\/07\/logo@2x.png\",\"contentUrl\":\"https:\/\/gamba.fr\/wp-content\/uploads\/2023\/07\/logo@2x.png\",\"width\":504,\"height\":140,\"caption\":\"GAMBA\"},\"image\":{\"@id\":\"https:\/\/gamba.fr\/#\/schema\/logo\/image\/\"},\"sameAs\":[\"https:\/\/www.facebook.com\/GambaAcoustique\/\",\"https:\/\/www.linkedin.com\/company\/gamba-acoustique\/?trk=mini-profile\"]}]}<\/script>\n<!-- \/ Yoast SEO plugin. -->","yoast_head_json":{"title":"Optimisation des traitements vibratoires dans les b\u00e2timents","description":"Optimisation des traitements vibratoires dans les b\u00e2timents - Le livre blanc pour ceux qui envisagent un projet \u00e0 proximit\u00e9 de voies ferr\u00e9es","robots":{"index":"index","follow":"follow","max-snippet":"max-snippet:-1","max-image-preview":"max-image-preview:large","max-video-preview":"max-video-preview:-1"},"canonical":"https:\/\/gamba.fr\/en\/optimisation-des-traitements-vibratoires-dans-les-batiments-ce-quil-faut-savoir\/","og_locale":"en_US","og_type":"article","og_title":"Optimisation des traitements vibratoires dans les b\u00e2timents","og_description":"Optimisation des traitements vibratoires dans les b\u00e2timents - Le livre blanc pour ceux qui envisagent un projet \u00e0 proximit\u00e9 de voies ferr\u00e9es","og_url":"https:\/\/gamba.fr\/en\/optimisation-des-traitements-vibratoires-dans-les-batiments-ce-quil-faut-savoir\/","og_site_name":"GAMBA","article_publisher":"https:\/\/www.facebook.com\/GambaAcoustique\/","article_modified_time":"2025-06-10T17:37:18+00:00","og_image":[{"url":"https:\/\/gamba.fr\/wp-content\/uploads\/2025\/06\/vignette-couverture-optimisation-traitement-1024x576.jpg","type":"","width":"","height":""}],"twitter_card":"summary_large_image","twitter_misc":{"Est. reading time":"2 minutes"},"schema":{"@context":"https:\/\/schema.org","@graph":[{"@type":"WebPage","@id":"https:\/\/gamba.fr\/optimisation-des-traitements-vibratoires-dans-les-batiments-ce-quil-faut-savoir\/","url":"https:\/\/gamba.fr\/optimisation-des-traitements-vibratoires-dans-les-batiments-ce-quil-faut-savoir\/","name":"Optimisation des traitements vibratoires dans les b\u00e2timents","isPartOf":{"@id":"https:\/\/gamba.fr\/#website"},"primaryImageOfPage":{"@id":"https:\/\/gamba.fr\/optimisation-des-traitements-vibratoires-dans-les-batiments-ce-quil-faut-savoir\/#primaryimage"},"image":{"@id":"https:\/\/gamba.fr\/optimisation-des-traitements-vibratoires-dans-les-batiments-ce-quil-faut-savoir\/#primaryimage"},"thumbnailUrl":"https:\/\/gamba.fr\/wp-content\/uploads\/2025\/06\/vignette-couverture-optimisation-traitement-1024x576.jpg","datePublished":"2025-06-10T17:37:17+00:00","dateModified":"2025-06-10T17:37:18+00:00","description":"Optimisation des traitements vibratoires dans les b\u00e2timents - Le livre blanc pour ceux qui envisagent un projet \u00e0 proximit\u00e9 de voies ferr\u00e9es","breadcrumb":{"@id":"https:\/\/gamba.fr\/optimisation-des-traitements-vibratoires-dans-les-batiments-ce-quil-faut-savoir\/#breadcrumb"},"inLanguage":"en-US","potentialAction":[{"@type":"ReadAction","target":["https:\/\/gamba.fr\/optimisation-des-traitements-vibratoires-dans-les-batiments-ce-quil-faut-savoir\/"]}]},{"@type":"ImageObject","inLanguage":"en-US","@id":"https:\/\/gamba.fr\/optimisation-des-traitements-vibratoires-dans-les-batiments-ce-quil-faut-savoir\/#primaryimage","url":"https:\/\/gamba.fr\/wp-content\/uploads\/2025\/06\/vignette-couverture-optimisation-traitement-1024x576.jpg","contentUrl":"https:\/\/gamba.fr\/wp-content\/uploads\/2025\/06\/vignette-couverture-optimisation-traitement-1024x576.jpg"},{"@type":"BreadcrumbList","@id":"https:\/\/gamba.fr\/optimisation-des-traitements-vibratoires-dans-les-batiments-ce-quil-faut-savoir\/#breadcrumb","itemListElement":[{"@type":"ListItem","position":1,"name":"Accueil","item":"https:\/\/gamba.fr\/"},{"@type":"ListItem","position":2,"name":"Optimisation des traitements vibratoires dans les b\u00e2timents \u2013 Ce qu\u2019il faut savoir\u00a0"}]},{"@type":"WebSite","@id":"https:\/\/gamba.fr\/#website","url":"https:\/\/gamba.fr\/","name":"GAMBA","description":"Plus que de l&#039;Acoustique et des Vibrations","publisher":{"@id":"https:\/\/gamba.fr\/#organization"},"potentialAction":[{"@type":"SearchAction","target":{"@type":"EntryPoint","urlTemplate":"https:\/\/gamba.fr\/?s={search_term_string}"},"query-input":{"@type":"PropertyValueSpecification","valueRequired":true,"valueName":"search_term_string"}}],"inLanguage":"en-US"},{"@type":"Organization","@id":"https:\/\/gamba.fr\/#organization","name":"GAMBA","url":"https:\/\/gamba.fr\/","logo":{"@type":"ImageObject","inLanguage":"en-US","@id":"https:\/\/gamba.fr\/#\/schema\/logo\/image\/","url":"https:\/\/gamba.fr\/wp-content\/uploads\/2023\/07\/logo@2x.png","contentUrl":"https:\/\/gamba.fr\/wp-content\/uploads\/2023\/07\/logo@2x.png","width":504,"height":140,"caption":"GAMBA"},"image":{"@id":"https:\/\/gamba.fr\/#\/schema\/logo\/image\/"},"sameAs":["https:\/\/www.facebook.com\/GambaAcoustique\/","https:\/\/www.linkedin.com\/company\/gamba-acoustique\/?trk=mini-profile"]}]}},"_links":{"self":[{"href":"https:\/\/gamba.fr\/en\/wp-json\/wp\/v2\/pages\/14034","targetHints":{"allow":["GET"]}}],"collection":[{"href":"https:\/\/gamba.fr\/en\/wp-json\/wp\/v2\/pages"}],"about":[{"href":"https:\/\/gamba.fr\/en\/wp-json\/wp\/v2\/types\/page"}],"author":[{"embeddable":true,"href":"https:\/\/gamba.fr\/en\/wp-json\/wp\/v2\/users\/7"}],"replies":[{"embeddable":true,"href":"https:\/\/gamba.fr\/en\/wp-json\/wp\/v2\/comments?post=14034"}],"version-history":[{"count":7,"href":"https:\/\/gamba.fr\/en\/wp-json\/wp\/v2\/pages\/14034\/revisions"}],"predecessor-version":[{"id":14042,"href":"https:\/\/gamba.fr\/en\/wp-json\/wp\/v2\/pages\/14034\/revisions\/14042"}],"wp:attachment":[{"href":"https:\/\/gamba.fr\/en\/wp-json\/wp\/v2\/media?parent=14034"}],"wp:term":[{"taxonomy":"activite","embeddable":true,"href":"https:\/\/gamba.fr\/en\/wp-json\/wp\/v2\/activite?post=14034"}],"curies":[{"name":"wp","href":"https:\/\/api.w.org\/{rel}","templated":true}]}}